{"id":4970,"date":"2026-03-08T23:05:50","date_gmt":"2026-03-08T22:05:50","guid":{"rendered":"https:\/\/ibig-muenchen.de\/?post_type=projekt&#038;p=4970"},"modified":"2026-04-09T15:17:43","modified_gmt":"2026-04-09T14:17:43","slug":"rewersyjna-pompa-ciepla-dla-budynku-biurowego-przy-arnulfstrase","status":"publish","type":"projekt","link":"https:\/\/ibig-muenchen.de\/pl\/projekt\/rewersyjna-pompa-ciepla-dla-budynku-biurowego-przy-arnulfstrase\/","title":{"rendered":"Rewersyjna pompa ciep\u0142a dla budynku biurowego przy Arnulfstra\u00dfe"},"content":{"rendered":"\t\t<div data-elementor-type=\"wp-post\" data-elementor-id=\"4970\" class=\"elementor elementor-4970\" data-elementor-post-type=\"projekt\">\n\t\t\t\t<div class=\"elementor-element elementor-element-7fcb522 e-flex e-con-boxed e-con e-parent\" data-id=\"7fcb522\" data-element_type=\"container\" data-e-type=\"container\" data-settings=\"{&quot;background_background&quot;:&quot;classic&quot;}\">\n\t\t\t\t\t<div class=\"e-con-inner\">\n\t\t\t\t<div class=\"elementor-element elementor-element-3c99309 elementor-absolute elementor-widget elementor-widget-button\" data-id=\"3c99309\" data-element_type=\"widget\" data-e-type=\"widget\" data-settings=\"{&quot;_position&quot;:&quot;absolute&quot;}\" data-widget_type=\"button.default\">\n\t\t\t\t<div class=\"elementor-widget-container\">\n\t\t\t\t\t\t\t\t\t<div class=\"elementor-button-wrapper\">\n\t\t\t\t\t<a class=\"elementor-button elementor-button-link elementor-size-xs\" href=\"https:\/\/ibig-muenchen.de\/pl\/projekty\/\">\n\t\t\t\t\t\t<span class=\"elementor-button-content-wrapper\">\n\t\t\t\t\t\t<span class=\"elementor-button-icon\">\n\t\t\t\t<svg aria-hidden=\"true\" class=\"e-font-icon-svg e-fas-arrow-left\" viewBox=\"0 0 448 512\" xmlns=\"http:\/\/www.w3.org\/2000\/svg\"><path d=\"M257.5 445.1l-22.2 22.2c-9.4 9.4-24.6 9.4-33.9 0L7 273c-9.4-9.4-9.4-24.6 0-33.9L201.4 44.7c9.4-9.4 24.6-9.4 33.9 0l22.2 22.2c9.5 9.5 9.3 25-.4 34.3L136.6 216H424c13.3 0 24 10.7 24 24v32c0 13.3-10.7 24-24 24H136.6l120.5 114.8c9.8 9.3 10 24.8.4 34.3z\"><\/path><\/svg>\t\t\t<\/span>\n\t\t\t\t\t\t\t\t\t<span class=\"elementor-button-text\">Przegl\u0105d projektu<\/span>\n\t\t\t\t\t<\/span>\n\t\t\t\t\t<\/a>\n\t\t\t\t<\/div>\n\t\t\t\t\t\t\t\t<\/div>\n\t\t\t\t<\/div>\n\t\t\t\t\t<\/div>\n\t\t\t\t<\/div>\n\t\t<div class=\"elementor-element elementor-element-16a7241 e-grid e-con-boxed e-con e-parent\" data-id=\"16a7241\" data-element_type=\"container\" data-e-type=\"container\">\n\t\t\t\t\t<div class=\"e-con-inner\">\n\t\t<div class=\"elementor-element elementor-element-9b9022f e-flex e-con-boxed e-con e-child\" data-id=\"9b9022f\" data-element_type=\"container\" data-e-type=\"container\">\n\t\t\t\t\t<div class=\"e-con-inner\">\n\t\t\t\t<div class=\"elementor-element elementor-element-e5cca8d elementor-widget__width-initial elementor-widget elementor-widget-heading\" data-id=\"e5cca8d\" data-element_type=\"widget\" data-e-type=\"widget\" data-widget_type=\"heading.default\">\n\t\t\t\t<div class=\"elementor-widget-container\">\n\t\t\t\t\t<h2 class=\"elementor-heading-title elementor-size-default\">Rewersyjna pompa ciep\u0142a dla budynku biurowego przy Arnulfstra\u00dfe<\/h2>\t\t\t\t<\/div>\n\t\t\t\t<\/div>\n\t\t\t\t<div class=\"elementor-element elementor-element-894725e elementor-widget__width-initial elementor-widget elementor-widget-heading\" data-id=\"894725e\" data-element_type=\"widget\" data-e-type=\"widget\" data-widget_type=\"heading.default\">\n\t\t\t\t<div class=\"elementor-widget-container\">\n\t\t\t\t\t<h3 class=\"elementor-heading-title elementor-size-default\">Remont, modernizacja i funkcjonalna rozbudowa systemu ch\u0142odzenia  <\/h3>\t\t\t\t<\/div>\n\t\t\t\t<\/div>\n\t\t\t\t\t<\/div>\n\t\t\t\t<\/div>\n\t\t<div class=\"elementor-element elementor-element-be9b71a e-flex e-con-boxed e-con e-child\" data-id=\"be9b71a\" data-element_type=\"container\" data-e-type=\"container\">\n\t\t\t\t\t<div class=\"e-con-inner\">\n\t\t\t\t<div class=\"elementor-element elementor-element-88aa997 elementor-widget elementor-widget-icon-box\" data-id=\"88aa997\" data-element_type=\"widget\" data-e-type=\"widget\" data-widget_type=\"icon-box.default\">\n\t\t\t\t<div class=\"elementor-widget-container\">\n\t\t\t\t\t\t\t<div class=\"elementor-icon-box-wrapper\">\n\n\t\t\t\n\t\t\t\t\t\t<div class=\"elementor-icon-box-content\">\n\n\t\t\t\t\t\t\t\t\t<h5 class=\"elementor-icon-box-title\">\n\t\t\t\t\t\t<span  >\n\t\t\t\t\t\t\tRozpocz\u0119cie projektu\t\t\t\t\t\t<\/span>\n\t\t\t\t\t<\/h5>\n\t\t\t\t\n\t\t\t\t\t\t\t\t\t<p class=\"elementor-icon-box-description\">\n\t\t\t\t\t\tListopad 2024 r.  \t\t\t\t\t<\/p>\n\t\t\t\t\n\t\t\t<\/div>\n\t\t\t\n\t\t<\/div>\n\t\t\t\t\t\t<\/div>\n\t\t\t\t<\/div>\n\t\t\t\t<div class=\"elementor-element elementor-element-56b6c4c elementor-widget elementor-widget-icon-box\" data-id=\"56b6c4c\" data-element_type=\"widget\" data-e-type=\"widget\" data-widget_type=\"icon-box.default\">\n\t\t\t\t<div class=\"elementor-widget-container\">\n\t\t\t\t\t\t\t<div class=\"elementor-icon-box-wrapper\">\n\n\t\t\t\n\t\t\t\t\t\t<div class=\"elementor-icon-box-content\">\n\n\t\t\t\t\t\t\t\t\t<h5 class=\"elementor-icon-box-title\">\n\t\t\t\t\t\t<span  >\n\t\t\t\t\t\t\tLokalizacja \/ Lokalizacja\t\t\t\t\t\t<\/span>\n\t\t\t\t\t<\/h5>\n\t\t\t\t\n\t\t\t\t\t\t\t\t\t<p class=\"elementor-icon-box-description\">\n\t\t\t\t\t\tMonachium\t\t\t\t\t<\/p>\n\t\t\t\t\n\t\t\t<\/div>\n\t\t\t\n\t\t<\/div>\n\t\t\t\t\t\t<\/div>\n\t\t\t\t<\/div>\n\t\t\t\t<div class=\"elementor-element elementor-element-a0f6e2f elementor-widget elementor-widget-icon-box\" data-id=\"a0f6e2f\" data-element_type=\"widget\" data-e-type=\"widget\" data-widget_type=\"icon-box.default\">\n\t\t\t\t<div class=\"elementor-widget-container\">\n\t\t\t\t\t\t\t<div class=\"elementor-icon-box-wrapper\">\n\n\t\t\t\n\t\t\t\t\t\t<div class=\"elementor-icon-box-content\">\n\n\t\t\t\t\t\t\t\t\t<h5 class=\"elementor-icon-box-title\">\n\t\t\t\t\t\t<span  >\n\t\t\t\t\t\t\tKlient\t\t\t\t\t\t<\/span>\n\t\t\t\t\t<\/h5>\n\t\t\t\t\n\t\t\t\t\t\t\t\t\t<p class=\"elementor-icon-box-description\">\n\t\t\t\t\t\taik Immobilien-Investmentgesellschaft mbH  \t\t\t\t\t<\/p>\n\t\t\t\t\n\t\t\t<\/div>\n\t\t\t\n\t\t<\/div>\n\t\t\t\t\t\t<\/div>\n\t\t\t\t<\/div>\n\t\t\t\t\t<\/div>\n\t\t\t\t<\/div>\n\t\t<div class=\"elementor-element elementor-element-66ad2b2 e-con-full e-flex e-con e-child\" data-id=\"66ad2b2\" data-element_type=\"container\" data-e-type=\"container\" data-settings=\"{&quot;background_background&quot;:&quot;classic&quot;}\">\n\t\t\t\t<div class=\"elementor-element elementor-element-b0610a1 elementor-widget elementor-widget-image\" data-id=\"b0610a1\" data-element_type=\"widget\" data-e-type=\"widget\" data-widget_type=\"image.default\">\n\t\t\t\t<div class=\"elementor-widget-container\">\n\t\t\t\t\t\t\t\t\t\t\t\t<figure class=\"wp-caption\">\n\t\t\t\t\t\t\t\t\t\t<img fetchpriority=\"high\" decoding=\"async\" width=\"1152\" height=\"1536\" src=\"https:\/\/ibig-muenchen.de\/wp-content\/uploads\/2026\/03\/00-Reversible-Waermepumpe-1152x1536.jpg\" class=\"attachment-1536x1536 size-1536x1536 wp-image-4951\" alt=\"\" srcset=\"https:\/\/ibig-muenchen.de\/wp-content\/uploads\/2026\/03\/00-Reversible-Waermepumpe-1152x1536.jpg 1152w, https:\/\/ibig-muenchen.de\/wp-content\/uploads\/2026\/03\/00-Reversible-Waermepumpe-225x300.jpg 225w, https:\/\/ibig-muenchen.de\/wp-content\/uploads\/2026\/03\/00-Reversible-Waermepumpe-768x1024.jpg 768w, https:\/\/ibig-muenchen.de\/wp-content\/uploads\/2026\/03\/00-Reversible-Waermepumpe-113x150.jpg 113w, https:\/\/ibig-muenchen.de\/wp-content\/uploads\/2026\/03\/00-Reversible-Waermepumpe.jpg 1440w\" sizes=\"(max-width: 1152px) 100vw, 1152px\" \/>\t\t\t\t\t\t\t\t\t\t\t<figcaption class=\"widget-image-caption wp-caption-text\">Po\u0142\u0105czenia ch\u0142odnicy<\/figcaption>\n\t\t\t\t\t\t\t\t\t\t<\/figure>\n\t\t\t\t\t\t\t\t\t<\/div>\n\t\t\t\t<\/div>\n\t\t\t\t<\/div>\n\t\t<div class=\"elementor-element elementor-element-281893d e-con-full e-flex e-con e-child\" data-id=\"281893d\" data-element_type=\"container\" data-e-type=\"container\" data-settings=\"{&quot;background_background&quot;:&quot;classic&quot;}\">\n\t\t\t\t<div class=\"elementor-element elementor-element-2255d63 elementor-widget elementor-widget-image\" data-id=\"2255d63\" data-element_type=\"widget\" data-e-type=\"widget\" data-widget_type=\"image.default\">\n\t\t\t\t<div class=\"elementor-widget-container\">\n\t\t\t\t\t\t\t\t\t\t\t\t<figure class=\"wp-caption\">\n\t\t\t\t\t\t\t\t\t\t<img decoding=\"async\" width=\"1005\" height=\"1080\" src=\"https:\/\/ibig-muenchen.de\/wp-content\/uploads\/2026\/03\/00-Rueckkuehler-Server.jpg\" class=\"attachment-1536x1536 size-1536x1536 wp-image-5016\" alt=\"Ein R\u00fcckk\u00fchlserver auf einem Dach \u00fcber M\u00fcnchen\" srcset=\"https:\/\/ibig-muenchen.de\/wp-content\/uploads\/2026\/03\/00-Rueckkuehler-Server.jpg 1005w, https:\/\/ibig-muenchen.de\/wp-content\/uploads\/2026\/03\/00-Rueckkuehler-Server-279x300.jpg 279w, https:\/\/ibig-muenchen.de\/wp-content\/uploads\/2026\/03\/00-Rueckkuehler-Server-953x1024.jpg 953w, https:\/\/ibig-muenchen.de\/wp-content\/uploads\/2026\/03\/00-Rueckkuehler-Server-140x150.jpg 140w, https:\/\/ibig-muenchen.de\/wp-content\/uploads\/2026\/03\/00-Rueckkuehler-Server-768x825.jpg 768w\" sizes=\"(max-width: 1005px) 100vw, 1005px\" \/>\t\t\t\t\t\t\t\t\t\t\t<figcaption class=\"widget-image-caption wp-caption-text\">Ch\u0142odnica z dost\u0119pem serwisowym<\/figcaption>\n\t\t\t\t\t\t\t\t\t\t<\/figure>\n\t\t\t\t\t\t\t\t\t<\/div>\n\t\t\t\t<\/div>\n\t\t\t\t<\/div>\n\t\t<div class=\"elementor-element elementor-element-87e8699 e-flex e-con-boxed e-con e-child\" data-id=\"87e8699\" data-element_type=\"container\" data-e-type=\"container\">\n\t\t\t\t\t<div class=\"e-con-inner\">\n\t\t\t\t<div class=\"elementor-element elementor-element-8ad68a4 elementor-widget elementor-widget-heading\" data-id=\"8ad68a4\" data-element_type=\"widget\" data-e-type=\"widget\" data-widget_type=\"heading.default\">\n\t\t\t\t<div class=\"elementor-widget-container\">\n\t\t\t\t\t<h2 class=\"elementor-heading-title elementor-size-default\">Opis<\/h2>\t\t\t\t<\/div>\n\t\t\t\t<\/div>\n\t\t\t\t<div class=\"elementor-element elementor-element-4c6dfc8 elementor-widget__width-inherit elementor-widget elementor-widget-text-editor\" data-id=\"4c6dfc8\" data-element_type=\"widget\" data-e-type=\"widget\" data-widget_type=\"text-editor.default\">\n\t\t\t\t<div class=\"elementor-widget-container\">\n\t\t\t\t\t\t\t\t\t<p><span data-contrast=\"auto\">Firmie IBIG zlecono zaplanowanie, przeprowadzenie przetargu i zarz\u0105dzanie budow\u0105 w bran\u017cach technicznych. W ramach prac centrum dachowe otrzyma\u0142o ca\u0142kowicie odnowion\u0105 technologi\u0119 systemow\u0105. Centralnym elementem jest ch\u0142odzona powietrzem i odwracalna pompa ciep\u0142a, kt\u00f3ra zapewnia zar\u00f3wno ch\u0142odzenie, jak i ogrzewanie cz\u0119\u015bci budynku.   Dzi\u0119ki istniej\u0105cej sieci rur firma mo\u017ce prze\u0142\u0105cza\u0107 si\u0119 mi\u0119dzy funkcjami ogrzewania i ch\u0142odzenia  <\/span><span data-contrast=\"auto\">(Change-Over).<\/span><span data-ccp-props=\"{}\"> <\/span><\/p><p><span data-contrast=\"auto\">Ju\u017c na etapie planowania IBIG by\u0142 w stanie wykaza\u0107, \u017ce rozwi\u0105zanie to jest nie tylko technicznie, ale tak\u017ce ekonomicznie przekonuj\u0105ce. Istniej\u0105cy system grzewczy zosta\u0142 zachowany jako rezerwa do pokrycia obci\u0105\u017ce\u0144 szczytowych. <\/span><span data-ccp-props=\"{}\"> <\/span><\/p><p><span data-contrast=\"auto\">Dla infrastruktury IT zainstalowano oddzieln\u0105 sie\u0107 rur. W trybie ogrzewania automatycznie od\u0142\u0105cza si\u0119 ona od zasilania biura. Ch\u0142odzenie odbywa si\u0119 za po\u015brednictwem ch\u0142odnicy.  <\/span><span data-ccp-props=\"{}\"> <\/span><\/p><p><span data-contrast=\"auto\">Rezultat: <\/span><span data-contrast=\"auto\">Przysz\u0142o\u015bciowe<\/span><span data-contrast=\"auto\">energooszcz\u0119dne rozwi\u0105zanie, kt\u00f3re \u0142\u0105czy w sobie niezawodno\u015b\u0107 operacyjn\u0105, op\u0142acalno\u015b\u0107 i zr\u00f3wnowa\u017cony rozw\u00f3j.<\/span><span data-ccp-props=\"{}\"> <\/span><\/p>\t\t\t\t\t\t\t\t<\/div>\n\t\t\t\t<\/div>\n\t\t\t\t\t<\/div>\n\t\t\t\t<\/div>\n\t\t<div class=\"elementor-element elementor-element-6d1c0c0 e-con-full e-flex e-con e-child\" data-id=\"6d1c0c0\" data-element_type=\"container\" data-e-type=\"container\" data-settings=\"{&quot;background_background&quot;:&quot;classic&quot;}\">\n\t\t\t\t<div class=\"elementor-element elementor-element-ba6086c elementor-widget elementor-widget-image\" data-id=\"ba6086c\" data-element_type=\"widget\" data-e-type=\"widget\" data-widget_type=\"image.default\">\n\t\t\t\t<div class=\"elementor-widget-container\">\n\t\t\t\t\t\t\t\t\t\t\t\t<figure class=\"wp-caption\">\n\t\t\t\t\t\t\t\t\t\t<img decoding=\"async\" width=\"1152\" height=\"1536\" src=\"https:\/\/ibig-muenchen.de\/wp-content\/uploads\/2026\/03\/ImBau-01-Kran-richtet-sich-im-Innenhof-auf-1152x1536.jpg\" class=\"attachment-1536x1536 size-1536x1536 wp-image-4945\" alt=\"\" srcset=\"https:\/\/ibig-muenchen.de\/wp-content\/uploads\/2026\/03\/ImBau-01-Kran-richtet-sich-im-Innenhof-auf-1152x1536.jpg 1152w, https:\/\/ibig-muenchen.de\/wp-content\/uploads\/2026\/03\/ImBau-01-Kran-richtet-sich-im-Innenhof-auf-225x300.jpg 225w, https:\/\/ibig-muenchen.de\/wp-content\/uploads\/2026\/03\/ImBau-01-Kran-richtet-sich-im-Innenhof-auf-768x1024.jpg 768w, https:\/\/ibig-muenchen.de\/wp-content\/uploads\/2026\/03\/ImBau-01-Kran-richtet-sich-im-Innenhof-auf-113x150.jpg 113w, https:\/\/ibig-muenchen.de\/wp-content\/uploads\/2026\/03\/ImBau-01-Kran-richtet-sich-im-Innenhof-auf.jpg 1440w\" sizes=\"(max-width: 1152px) 100vw, 1152px\" \/>\t\t\t\t\t\t\t\t\t\t\t<figcaption class=\"widget-image-caption wp-caption-text\">W budowie - d\u017awig wzniesiony na wewn\u0119trznym dziedzi\u0144cu<\/figcaption>\n\t\t\t\t\t\t\t\t\t\t<\/figure>\n\t\t\t\t\t\t\t\t\t<\/div>\n\t\t\t\t<\/div>\n\t\t\t\t<\/div>\n\t\t<div class=\"elementor-element elementor-element-389a3b1 e-con-full e-flex e-con e-child\" data-id=\"389a3b1\" data-element_type=\"container\" data-e-type=\"container\" data-settings=\"{&quot;background_background&quot;:&quot;classic&quot;}\">\n\t\t\t\t<div class=\"elementor-element elementor-element-6b9d4fc elementor-widget elementor-widget-image\" data-id=\"6b9d4fc\" data-element_type=\"widget\" data-e-type=\"widget\" data-widget_type=\"image.default\">\n\t\t\t\t<div class=\"elementor-widget-container\">\n\t\t\t\t\t\t\t\t\t\t\t\t<figure class=\"wp-caption\">\n\t\t\t\t\t\t\t\t\t\t<img loading=\"lazy\" decoding=\"async\" width=\"1536\" height=\"1152\" src=\"https:\/\/ibig-muenchen.de\/wp-content\/uploads\/2026\/03\/ImBau-02-Waermepumpe-wird-angeschlossen-1536x1152.jpg\" class=\"attachment-1536x1536 size-1536x1536 wp-image-4942\" alt=\"\" srcset=\"https:\/\/ibig-muenchen.de\/wp-content\/uploads\/2026\/03\/ImBau-02-Waermepumpe-wird-angeschlossen-1536x1152.jpg 1536w, https:\/\/ibig-muenchen.de\/wp-content\/uploads\/2026\/03\/ImBau-02-Waermepumpe-wird-angeschlossen-300x225.jpg 300w, https:\/\/ibig-muenchen.de\/wp-content\/uploads\/2026\/03\/ImBau-02-Waermepumpe-wird-angeschlossen-1024x768.jpg 1024w, https:\/\/ibig-muenchen.de\/wp-content\/uploads\/2026\/03\/ImBau-02-Waermepumpe-wird-angeschlossen-150x113.jpg 150w, https:\/\/ibig-muenchen.de\/wp-content\/uploads\/2026\/03\/ImBau-02-Waermepumpe-wird-angeschlossen-768x576.jpg 768w, https:\/\/ibig-muenchen.de\/wp-content\/uploads\/2026\/03\/ImBau-02-Waermepumpe-wird-angeschlossen.jpg 1920w\" sizes=\"(max-width: 1536px) 100vw, 1536px\" \/>\t\t\t\t\t\t\t\t\t\t\t<figcaption class=\"widget-image-caption wp-caption-text\">W budowie - pompa ciep\u0142a jest pod\u0142\u0105czona<\/figcaption>\n\t\t\t\t\t\t\t\t\t\t<\/figure>\n\t\t\t\t\t\t\t\t\t<\/div>\n\t\t\t\t<\/div>\n\t\t\t\t<\/div>\n\t\t<div class=\"elementor-element elementor-element-1ff175b e-flex e-con-boxed e-con e-child\" data-id=\"1ff175b\" data-element_type=\"container\" data-e-type=\"container\" data-settings=\"{&quot;background_background&quot;:&quot;slideshow&quot;,&quot;background_slideshow_gallery&quot;:[],&quot;background_slideshow_loop&quot;:&quot;yes&quot;,&quot;background_slideshow_slide_duration&quot;:5000,&quot;background_slideshow_slide_transition&quot;:&quot;fade&quot;,&quot;background_slideshow_transition_duration&quot;:500}\">\n\t\t\t\t\t<div class=\"e-con-inner\">\n\t\t\t\t<div class=\"elementor-element elementor-element-21b1e39 elementor-widget elementor-widget-image\" data-id=\"21b1e39\" data-element_type=\"widget\" data-e-type=\"widget\" data-widget_type=\"image.default\">\n\t\t\t\t<div class=\"elementor-widget-container\">\n\t\t\t\t\t\t\t\t\t\t\t\t<figure class=\"wp-caption\">\n\t\t\t\t\t\t\t\t\t\t<img loading=\"lazy\" decoding=\"async\" width=\"600\" height=\"800\" src=\"https:\/\/ibig-muenchen.de\/wp-content\/uploads\/2026\/03\/ImBau-03-Puffer-unter-Daemmung-verrostet.jpg\" class=\"attachment-1536x1536 size-1536x1536 wp-image-4939\" alt=\"\" srcset=\"https:\/\/ibig-muenchen.de\/wp-content\/uploads\/2026\/03\/ImBau-03-Puffer-unter-Daemmung-verrostet.jpg 600w, https:\/\/ibig-muenchen.de\/wp-content\/uploads\/2026\/03\/ImBau-03-Puffer-unter-Daemmung-verrostet-225x300.jpg 225w, https:\/\/ibig-muenchen.de\/wp-content\/uploads\/2026\/03\/ImBau-03-Puffer-unter-Daemmung-verrostet-113x150.jpg 113w\" sizes=\"(max-width: 600px) 100vw, 600px\" \/>\t\t\t\t\t\t\t\t\t\t\t<figcaption class=\"widget-image-caption wp-caption-text\">W budowie - zardzewia\u0142y zderzak pod izolacj\u0105  <\/figcaption>\n\t\t\t\t\t\t\t\t\t\t<\/figure>\n\t\t\t\t\t\t\t\t\t<\/div>\n\t\t\t\t<\/div>\n\t\t\t\t\t<\/div>\n\t\t\t\t<\/div>\n\t\t<div class=\"elementor-element elementor-element-ae1c09f e-flex e-con-boxed e-con e-child\" data-id=\"ae1c09f\" data-element_type=\"container\" data-e-type=\"container\">\n\t\t\t\t\t<div class=\"e-con-inner\">\n\t\t<div class=\"elementor-element elementor-element-6f3e49b e-con-full e-flex e-con e-child\" data-id=\"6f3e49b\" data-element_type=\"container\" data-e-type=\"container\">\n\t\t\t\t<div class=\"elementor-element elementor-element-a6171ec elementor-widget elementor-widget-heading\" data-id=\"a6171ec\" data-element_type=\"widget\" data-e-type=\"widget\" data-widget_type=\"heading.default\">\n\t\t\t\t<div class=\"elementor-widget-container\">\n\t\t\t\t\t<h2 class=\"elementor-heading-title elementor-size-default\">Sytuacja pocz\u0105tkowa<\/h2>\t\t\t\t<\/div>\n\t\t\t\t<\/div>\n\t\t\t\t<div class=\"elementor-element elementor-element-8d2d308 elementor-widget elementor-widget-text-editor\" data-id=\"8d2d308\" data-element_type=\"widget\" data-e-type=\"widget\" data-widget_type=\"text-editor.default\">\n\t\t\t\t<div class=\"elementor-widget-container\">\n\t\t\t\t\t\t\t\t\t<p><span class=\"TextRun SCXW69365078 BCX0\" lang=\"DE-DE\" xml:lang=\"DE-DE\" data-contrast=\"auto\"><span class=\"NormalTextRun SCXW69365078 BCX0\">Istniej\u0105cy ch\u0142odzony wod\u0105 agregat ch\u0142odniczy z 2002 roku o mocy oko\u0142o 200 kW zosta\u0142 uszkodzony. Powi\u0105zane pompy i drycoolery by\u0142y sterowane za pomoc\u0105 szafy sterowniczej MSR, kt\u00f3rej   <\/span><span class=\"NormalTextRun SCXW69365078 BCX0\">podatek<\/span><span class=\"NormalTextRun SCXW69365078 BCX0\">ing<\/span><span class=\"NormalTextRun SCXW69365078 BCX0\"> zosta\u0142 anulowany ze wzgl\u0119du na jego wiek. <\/span> <\/span><span class=\"TextRun Highlight SCXW69365078 BCX0\" lang=\"DE-DE\" xml:lang=\"DE-DE\" data-contrast=\"auto\"><span class=\"NormalTextRun SCXW69365078 BCX0\">Remont by\u0142 absolutnie niezb\u0119dny. Jednocze\u015bnie dost\u0119pna przestrze\u0144 by\u0142a ograniczona i istnia\u0142y wysokie wymagania dotycz\u0105ce izolacji akustycznej. <\/span><\/span><span class=\"EOP SCXW69365078 BCX0\" data-ccp-props=\"{}\"> <\/span><\/p>\t\t\t\t\t\t\t\t<\/div>\n\t\t\t\t<\/div>\n\t\t\t\t<\/div>\n\t\t<div class=\"elementor-element elementor-element-7b5cdea e-con-full e-flex e-con e-child\" data-id=\"7b5cdea\" data-element_type=\"container\" data-e-type=\"container\">\n\t\t\t\t<div class=\"elementor-element elementor-element-4f0e2b7 elementor-widget elementor-widget-heading\" data-id=\"4f0e2b7\" data-element_type=\"widget\" data-e-type=\"widget\" data-widget_type=\"heading.default\">\n\t\t\t\t<div class=\"elementor-widget-container\">\n\t\t\t\t\t<h2 class=\"elementor-heading-title elementor-size-default\">Cel projektu<\/h2>\t\t\t\t<\/div>\n\t\t\t\t<\/div>\n\t\t\t\t<div class=\"elementor-element elementor-element-f5884b8 elementor-widget elementor-widget-text-editor\" data-id=\"f5884b8\" data-element_type=\"widget\" data-e-type=\"widget\" data-widget_type=\"text-editor.default\">\n\t\t\t\t<div class=\"elementor-widget-container\">\n\t\t\t\t\t\t\t\t\t<p><span class=\"TextRun SCXW220683057 BCX0\" lang=\"DE-DE\" data-contrast=\"auto\"><span class=\"NormalTextRun SCXW220683057 BCX0\">G\u0142\u00f3wnym celem projektu by\u0142o szybkie ponowne uruchomienie zasilania ch\u0142odniczego, aby nowo wynaj\u0119ta powierzchnia biurowa mog\u0142a by\u0107 wykorzystywana od <\/span><\/span><span class=\"TextRun Highlight SCXW220683057 BCX0\" lang=\"DE-DE\" data-contrast=\"auto\"><span class=\"NormalTextRun SCXW220683057 BCX0\">od<\/span><\/span><span class=\"TextRun SCXW220683057 BCX0\" lang=\"DE-DE\" data-contrast=\"auto\"><span class=\"NormalTextRun SCXW220683057 BCX0\"> by\u0107 w stanie ch\u0142odzi\u0107 nowo wynaj\u0119t\u0105 powierzchni\u0119 biurow\u0105 od po\u0142owy sierpnia 2025 roku. <\/span><\/span><span class=\"TextRun Highlight SCXW220683057 BCX0\" lang=\"DE-DE\" data-contrast=\"auto\"><span class=\"NormalTextRun SCXW220683057 BCX0\">Ponadto nale\u017ca\u0142o opracowa\u0107 przysz\u0142o\u015bciowe rozwi\u0105zanie, kt\u00f3re \u0142\u0105czy\u0142oby wydajno\u015b\u0107, zr\u00f3wnowa\u017cony rozw\u00f3j i wymagania obowi\u0105zuj\u0105cego rozporz\u0105dzenia w sprawie F-gaz\u00f3w.<\/span><span class=\"NormalTextRun SCXW220683057 BCX0\">.<\/span><\/span><span class=\"TextRun SCXW220683057 BCX0\" lang=\"DE-DE\" xml:lang=\"DE-DE\" data-contrast=\"auto\"><span class=\"NormalTextRun SCXW220683057 BCX0\">  Jednocze\u015bnie konieczne by\u0142o unowocze\u015bnienie ca\u0142ej technologii systemu. Koncentrowa\u0142o si\u0119 to na integracji odwracalnej pompy ciep\u0142a. Kolejnym celem by\u0142a wymiana wszystkich krytycznych komponent\u00f3w systemu &#8211; w szczeg\u00f3lno\u015bci agregatu ch\u0142odniczego, pomp i technologii I&amp;C &#8211; w celu zapewnienia d\u0142ugoterminowej niezawodno\u015bci operacyjnej.  <\/span><\/span><span class=\"EOP SCXW220683057 BCX0\" data-ccp-props=\"{}\"> <\/span><\/p>\t\t\t\t\t\t\t\t<\/div>\n\t\t\t\t<\/div>\n\t\t\t\t<\/div>\n\t\t\t\t\t<\/div>\n\t\t\t\t<\/div>\n\t\t<div class=\"elementor-element elementor-element-b8c009c e-con-full e-flex e-con e-child\" data-id=\"b8c009c\" data-element_type=\"container\" data-e-type=\"container\">\n\t\t\t\t<div class=\"elementor-element elementor-element-f4fccb7 elementor-widget elementor-widget-heading\" data-id=\"f4fccb7\" data-element_type=\"widget\" data-e-type=\"widget\" data-widget_type=\"heading.default\">\n\t\t\t\t<div class=\"elementor-widget-container\">\n\t\t\t\t\t<h2 class=\"elementor-heading-title elementor-size-default\">Realizacja<\/h2>\t\t\t\t<\/div>\n\t\t\t\t<\/div>\n\t\t\t\t<div class=\"elementor-element elementor-element-0a96ac5 elementor-widget__width-inherit elementor-widget elementor-widget-text-editor\" data-id=\"0a96ac5\" data-element_type=\"widget\" data-e-type=\"widget\" data-widget_type=\"text-editor.default\">\n\t\t\t\t<div class=\"elementor-widget-container\">\n\t\t\t\t\t\t\t\t\t<p><span data-contrast=\"auto\">W ramach projektu agregat ch\u0142odniczy, kt\u00f3ry wcze\u015bniej by\u0142 zainstalowany w pomieszczeniu, zosta\u0142 zast\u0105piony odwracaln\u0105 pomp\u0105 ciep\u0142a zainstalowan\u0105 na zewn\u0105trz. Zosta\u0142a ona zintegrowana z istniej\u0105c\u0105 sieci\u0105 ruroci\u0105g\u00f3w poprzez zbiornik buforowy i p\u0142ytowy wymiennik ciep\u0142a. Ponadto zastosowano ch\u0142odnic\u0119 zwrotn\u0105 o mocy oko\u0142o 10 kW, aby zapewni\u0107 darmowe ch\u0142odzenie serwerowni w zimie.  <\/span><span data-ccp-props=\"{}\"> <\/span><\/p><p><span data-contrast=\"auto\">Uk\u0142ad hydrauliczny zosta\u0142 gruntownie zmodernizowany w celu poprawy sterowalno\u015bci i wydajno\u015bci. Pompy, zawory i czujniki zosta\u0142y odnowione, a system zosta\u0142 wyposa\u017cony w nowoczesn\u0105 technologi\u0119 sterowania i monitorowania w postaci nowego systemu MSR (ISP-Klima). <\/span><span data-ccp-props=\"{}\"> <\/span><\/p><p><span data-contrast=\"auto\">Skrzynki transferowe zosta\u0142y zainstalowane na dostarczonych pi\u0119trach jako interfejs mi\u0119dzy nowym systemem klimatyzacji ISP a w\u0142asnymi systemami sterowania najemc\u00f3w. Wskazuj\u0105 one aktualny stan pracy systemu (ogrzewanie lub ch\u0142odzenie, usterka) za pomoc\u0105 kolorowych sygna\u0142\u00f3w, a tak\u017ce przekazuj\u0105 informacje za po\u015brednictwem styk\u00f3w bezpotencja\u0142owych. W ten spos\u00f3b w\u0142asne systemy najemc\u00f3w w obszarach biurowych mog\u0105 by\u0107 obs\u0142ugiwane niezawodnie.  <\/span><span data-ccp-props=\"{}\"> <\/span><\/p>\t\t\t\t\t\t\t\t<\/div>\n\t\t\t\t<\/div>\n\t\t\t\t<\/div>\n\t\t<div class=\"elementor-element elementor-element-3055a71 e-grid e-con-boxed e-con e-child\" data-id=\"3055a71\" data-element_type=\"container\" data-e-type=\"container\">\n\t\t\t\t\t<div class=\"e-con-inner\">\n\t\t\t\t<div class=\"elementor-element elementor-element-092baf2 elementor-widget elementor-widget-image\" data-id=\"092baf2\" data-element_type=\"widget\" data-e-type=\"widget\" data-widget_type=\"image.default\">\n\t\t\t\t<div class=\"elementor-widget-container\">\n\t\t\t\t\t\t\t\t\t\t\t\t<figure class=\"wp-caption\">\n\t\t\t\t\t\t\t\t\t\t<img loading=\"lazy\" decoding=\"async\" width=\"1152\" height=\"1536\" src=\"https:\/\/ibig-muenchen.de\/wp-content\/uploads\/2026\/03\/Vor-Innenaufgestellte-Kaeltemaschine-1152x1536.jpg\" class=\"attachment-1536x1536 size-1536x1536 wp-image-4936\" alt=\"\" srcset=\"https:\/\/ibig-muenchen.de\/wp-content\/uploads\/2026\/03\/Vor-Innenaufgestellte-Kaeltemaschine-1152x1536.jpg 1152w, https:\/\/ibig-muenchen.de\/wp-content\/uploads\/2026\/03\/Vor-Innenaufgestellte-Kaeltemaschine-225x300.jpg 225w, https:\/\/ibig-muenchen.de\/wp-content\/uploads\/2026\/03\/Vor-Innenaufgestellte-Kaeltemaschine-768x1024.jpg 768w, https:\/\/ibig-muenchen.de\/wp-content\/uploads\/2026\/03\/Vor-Innenaufgestellte-Kaeltemaschine-113x150.jpg 113w, https:\/\/ibig-muenchen.de\/wp-content\/uploads\/2026\/03\/Vor-Innenaufgestellte-Kaeltemaschine.jpg 1440w\" sizes=\"(max-width: 1152px) 100vw, 1152px\" \/>\t\t\t\t\t\t\t\t\t\t\t<figcaption class=\"widget-image-caption wp-caption-text\">Agregat ch\u0142odniczy zainstalowany w pomieszczeniu  <\/figcaption>\n\t\t\t\t\t\t\t\t\t\t<\/figure>\n\t\t\t\t\t\t\t\t\t<\/div>\n\t\t\t\t<\/div>\n\t\t\t\t<div class=\"elementor-element elementor-element-dee4714 elementor-widget elementor-widget-image\" data-id=\"dee4714\" data-element_type=\"widget\" data-e-type=\"widget\" data-widget_type=\"image.default\">\n\t\t\t\t<div class=\"elementor-widget-container\">\n\t\t\t\t\t\t\t\t\t\t\t\t<figure class=\"wp-caption\">\n\t\t\t\t\t\t\t\t\t\t<img loading=\"lazy\" decoding=\"async\" width=\"1152\" height=\"1536\" src=\"https:\/\/ibig-muenchen.de\/wp-content\/uploads\/2026\/03\/Vor-Rueckkuehler-1152x1536.jpg\" class=\"attachment-1536x1536 size-1536x1536 wp-image-4933\" alt=\"\" srcset=\"https:\/\/ibig-muenchen.de\/wp-content\/uploads\/2026\/03\/Vor-Rueckkuehler-1152x1536.jpg 1152w, https:\/\/ibig-muenchen.de\/wp-content\/uploads\/2026\/03\/Vor-Rueckkuehler-225x300.jpg 225w, https:\/\/ibig-muenchen.de\/wp-content\/uploads\/2026\/03\/Vor-Rueckkuehler-768x1024.jpg 768w, https:\/\/ibig-muenchen.de\/wp-content\/uploads\/2026\/03\/Vor-Rueckkuehler-113x150.jpg 113w, https:\/\/ibig-muenchen.de\/wp-content\/uploads\/2026\/03\/Vor-Rueckkuehler.jpg 1440w\" sizes=\"(max-width: 1152px) 100vw, 1152px\" \/>\t\t\t\t\t\t\t\t\t\t\t<figcaption class=\"widget-image-caption wp-caption-text\">Przed konwersj\u0105 - Recooler<\/figcaption>\n\t\t\t\t\t\t\t\t\t\t<\/figure>\n\t\t\t\t\t\t\t\t\t<\/div>\n\t\t\t\t<\/div>\n\t\t\t\t<div class=\"elementor-element elementor-element-3f73a01 elementor-widget elementor-widget-image\" data-id=\"3f73a01\" data-element_type=\"widget\" data-e-type=\"widget\" data-widget_type=\"image.default\">\n\t\t\t\t<div class=\"elementor-widget-container\">\n\t\t\t\t\t\t\t\t\t\t\t\t<figure class=\"wp-caption\">\n\t\t\t\t\t\t\t\t\t\t<img loading=\"lazy\" decoding=\"async\" width=\"1152\" height=\"1536\" src=\"https:\/\/ibig-muenchen.de\/wp-content\/uploads\/2026\/03\/zz-Vor-Schalttableau-MSR-Schaltschrank-1152x1536.jpg\" class=\"attachment-1536x1536 size-1536x1536 wp-image-4997\" alt=\"\" srcset=\"https:\/\/ibig-muenchen.de\/wp-content\/uploads\/2026\/03\/zz-Vor-Schalttableau-MSR-Schaltschrank-1152x1536.jpg 1152w, https:\/\/ibig-muenchen.de\/wp-content\/uploads\/2026\/03\/zz-Vor-Schalttableau-MSR-Schaltschrank-225x300.jpg 225w, https:\/\/ibig-muenchen.de\/wp-content\/uploads\/2026\/03\/zz-Vor-Schalttableau-MSR-Schaltschrank-768x1024.jpg 768w, https:\/\/ibig-muenchen.de\/wp-content\/uploads\/2026\/03\/zz-Vor-Schalttableau-MSR-Schaltschrank-113x150.jpg 113w, https:\/\/ibig-muenchen.de\/wp-content\/uploads\/2026\/03\/zz-Vor-Schalttableau-MSR-Schaltschrank.jpg 1440w\" sizes=\"(max-width: 1152px) 100vw, 1152px\" \/>\t\t\t\t\t\t\t\t\t\t\t<figcaption class=\"widget-image-caption wp-caption-text\">Przed konwersj\u0105 - panel prze\u0142\u0105cznik\u00f3w MSR  <\/figcaption>\n\t\t\t\t\t\t\t\t\t\t<\/figure>\n\t\t\t\t\t\t\t\t\t<\/div>\n\t\t\t\t<\/div>\n\t\t\t\t\t<\/div>\n\t\t\t\t<\/div>\n\t\t\t\t\t<\/div>\n\t\t\t\t<\/div>\n\t\t<div class=\"elementor-element elementor-element-0c60f5c e-flex e-con-boxed e-con e-parent\" data-id=\"0c60f5c\" data-element_type=\"container\" data-e-type=\"container\">\n\t\t\t\t\t<div class=\"e-con-inner\">\n\t\t\t\t<div class=\"elementor-element elementor-element-183479e ibig-nav-hidden  elementor-widget elementor-widget-post-navigation\" data-id=\"183479e\" data-element_type=\"widget\" data-e-type=\"widget\" data-widget_type=\"post-navigation.default\">\n\t\t\t\t<div class=\"elementor-widget-container\">\n\t\t\t\t\t\t\t<div class=\"elementor-post-navigation\" role=\"navigation\" aria-label=\"Nawigacja wpisu\">\n\t\t\t<div class=\"elementor-post-navigation__prev elementor-post-navigation__link\">\n\t\t\t\t<a href=\"https:\/\/ibig-muenchen.de\/pl\/projekt\/elementor-4583\/\" rel=\"prev\"><span class=\"post-navigation__arrow-wrapper post-navigation__arrow-prev\"><i aria-hidden=\"true\" class=\"fas fa-long-arrow-left\"><\/i><span class=\"elementor-screen-only\">Prev<\/span><\/span><span class=\"elementor-post-navigation__link__prev\"><span class=\"post-navigation__prev--label\">Vorheriges Projekt<\/span><span class=\"post-navigation__prev--title\">Modernizacja dachu Schrannenhalle Monachium<\/span><\/span><\/a>\t\t\t<\/div>\n\t\t\t\t\t\t<div class=\"elementor-post-navigation__next elementor-post-navigation__link\">\n\t\t\t\t\t\t\t<\/div>\n\t\t<\/div>\n\t\t\t\t\t\t<\/div>\n\t\t\t\t<\/div>\n\t\t\t\t<div class=\"elementor-element elementor-element-7230af1 elementor-widget elementor-widget-shortcode\" data-id=\"7230af1\" data-element_type=\"widget\" data-e-type=\"widget\" data-widget_type=\"shortcode.default\">\n\t\t\t\t<div class=\"elementor-widget-container\">\n\t\t\t\t\t\t\t<div class=\"elementor-shortcode\">\n    <div class=\"elementor-post-navigation\" role=\"navigation\" aria-label=\"Beitrag Navigation\">\n        <div class=\"elementor-post-navigation__prev elementor-post-navigation__link\">\n            <a href=\"https:\/\/ibig-muenchen.de\/pl\/projekt\/elementor-4583\/\" rel=\"prev\">\n                <span class=\"post-navigation__arrow-wrapper post-navigation__arrow-prev\">\n                    <i aria-hidden=\"true\" class=\"fas fa-long-arrow-left\"><\/i>\n                    <span class=\"elementor-screen-only\">Zur\u00fcck<\/span>\n                <\/span>\n                <span class=\"elementor-post-navigation__link__prev\">\n                    <span class=\"post-navigation__prev--label\">Poprzedni projekt<\/span>\n                    <span class=\"post-navigation__prev--title\">Modernizacja dachu Schrannenhalle Monachium<\/span>\n                <\/span>\n            <\/a>\n        <\/div>\n        <div class=\"elementor-post-navigation__next elementor-post-navigation__link\">\n            <a href=\"https:\/\/ibig-muenchen.de\/pl\/projekt\/nadbrzezna-elektrownia-k-i-e-l\/\" rel=\"next\">\n                <span class=\"elementor-post-navigation__link__next\">\n                    <span class=\"post-navigation__next--label\">Nast\u0119pny projekt<\/span>\n                    <span class=\"post-navigation__next--title\">K\u00fcstenkraftwerk Kiel<\/span>\n                <\/span>\n                <span class=\"post-navigation__arrow-wrapper post-navigation__arrow-next\">\n                    <i aria-hidden=\"true\" class=\"fas fa-long-arrow-left\"><\/i>\n                    <span class=\"elementor-screen-only\">N\u00e4chster<\/span>\n                <\/span>\n            <\/a>\n        <\/div>\n    <\/div><\/div>\n\t\t\t\t\t\t<\/div>\n\t\t\t\t<\/div>\n\t\t\t\t\t<\/div>\n\t\t\t\t<\/div>\n\t\t\t\t<\/div>\n\t\t","protected":false},"featured_media":5028,"menu_order":2213,"template":"","format":"standard","categories":[83,71],"tags":[],"class_list":["post-4970","projekt","type-projekt","status-publish","format-standard","has-post-thumbnail","hentry","category-handel","category-projekty"],"acf":[],"yoast_head":"<!-- This site is optimized with the Yoast SEO plugin v27.4 - https:\/\/yoast.com\/product\/yoast-seo-wordpress\/ -->\n<title>Rewersyjna pompa ciep\u0142a dla budynku biurowego przy Arnulfstra\u00dfe - IBIG - Ingenieurb\u00fcro Ingo Geib GmbH<\/title>\n<meta name=\"robots\" content=\"index, follow, max-snippet:-1, max-image-preview:large, max-video-preview:-1\" \/>\n<link rel=\"canonical\" href=\"https:\/\/ibig-muenchen.de\/pl\/projekt\/rewersyjna-pompa-ciepla-dla-budynku-biurowego-przy-arnulfstrase\/\" \/>\n<meta property=\"og:locale\" content=\"pl_PL\" \/>\n<meta property=\"og:type\" content=\"article\" \/>\n<meta property=\"og:title\" content=\"Rewersyjna pompa ciep\u0142a dla budynku biurowego przy Arnulfstra\u00dfe - IBIG - Ingenieurb\u00fcro Ingo Geib GmbH\" \/>\n<meta property=\"og:description\" content=\"Przegl\u0105d projektu Remont, modernizacja i funkcjonalna rozbudowa systemu ch\u0142odzenia Rozpocz\u0119cie projektu Listopad 2024 r. Lokalizacja \/ Lokalizacja Monachium Klient aik Immobilien-Investmentgesellschaft mbH Po\u0142\u0105czenia ch\u0142odnicy Ch\u0142odnica z dost\u0119pem serwisowym Opis Firmie IBIG zlecono zaplanowanie, przeprowadzenie przetargu i zarz\u0105dzanie budow\u0105 w bran\u017cach technicznych. W ramach prac centrum dachowe otrzyma\u0142o ca\u0142kowicie odnowion\u0105 technologi\u0119 systemow\u0105. Centralnym elementem jest ch\u0142odzona [&hellip;]\" \/>\n<meta property=\"og:url\" content=\"https:\/\/ibig-muenchen.de\/pl\/projekt\/rewersyjna-pompa-ciepla-dla-budynku-biurowego-przy-arnulfstrase\/\" \/>\n<meta property=\"og:site_name\" content=\"IBIG - Ingenieurb\u00fcro Ingo Geib GmbH\" \/>\n<meta property=\"article:publisher\" content=\"https:\/\/www.facebook.com\/ingenieurburoingo.geib.3\/\" \/>\n<meta property=\"article:modified_time\" content=\"2026-04-09T14:17:43+00:00\" \/>\n<meta property=\"og:image\" content=\"https:\/\/ibig-muenchen.de\/wp-content\/uploads\/2026\/03\/hero-header-rueckkuehlserver-mobile.jpg\" \/>\n\t<meta property=\"og:image:width\" content=\"768\" \/>\n\t<meta property=\"og:image:height\" content=\"960\" \/>\n\t<meta property=\"og:image:type\" content=\"image\/jpeg\" \/>\n<meta name=\"twitter:card\" content=\"summary_large_image\" \/>\n<meta name=\"twitter:label1\" content=\"Szacowany czas czytania\" \/>\n\t<meta name=\"twitter:data1\" content=\"5 minut\" \/>\n<script type=\"application\/ld+json\" class=\"yoast-schema-graph\">{\"@context\":\"https:\\\/\\\/schema.org\",\"@graph\":[{\"@type\":\"WebPage\",\"@id\":\"https:\\\/\\\/ibig-muenchen.de\\\/pl\\\/projekt\\\/rewersyjna-pompa-ciepla-dla-budynku-biurowego-przy-arnulfstrase\\\/\",\"url\":\"https:\\\/\\\/ibig-muenchen.de\\\/pl\\\/projekt\\\/rewersyjna-pompa-ciepla-dla-budynku-biurowego-przy-arnulfstrase\\\/\",\"name\":\"Rewersyjna pompa ciep\u0142a dla budynku biurowego przy Arnulfstra\u00dfe - IBIG - Ingenieurb\u00fcro Ingo Geib GmbH\",\"isPartOf\":{\"@id\":\"https:\\\/\\\/ibig-muenchen.de\\\/pl\\\/#website\"},\"primaryImageOfPage\":{\"@id\":\"https:\\\/\\\/ibig-muenchen.de\\\/pl\\\/projekt\\\/rewersyjna-pompa-ciepla-dla-budynku-biurowego-przy-arnulfstrase\\\/#primaryimage\"},\"image\":{\"@id\":\"https:\\\/\\\/ibig-muenchen.de\\\/pl\\\/projekt\\\/rewersyjna-pompa-ciepla-dla-budynku-biurowego-przy-arnulfstrase\\\/#primaryimage\"},\"thumbnailUrl\":\"https:\\\/\\\/ibig-muenchen.de\\\/wp-content\\\/uploads\\\/2026\\\/03\\\/hero-header-rueckkuehlserver-mobile.jpg\",\"datePublished\":\"2026-03-08T22:05:50+00:00\",\"dateModified\":\"2026-04-09T14:17:43+00:00\",\"breadcrumb\":{\"@id\":\"https:\\\/\\\/ibig-muenchen.de\\\/pl\\\/projekt\\\/rewersyjna-pompa-ciepla-dla-budynku-biurowego-przy-arnulfstrase\\\/#breadcrumb\"},\"inLanguage\":\"pl-PL\",\"potentialAction\":[{\"@type\":\"ReadAction\",\"target\":[\"https:\\\/\\\/ibig-muenchen.de\\\/pl\\\/projekt\\\/rewersyjna-pompa-ciepla-dla-budynku-biurowego-przy-arnulfstrase\\\/\"]}]},{\"@type\":\"ImageObject\",\"inLanguage\":\"pl-PL\",\"@id\":\"https:\\\/\\\/ibig-muenchen.de\\\/pl\\\/projekt\\\/rewersyjna-pompa-ciepla-dla-budynku-biurowego-przy-arnulfstrase\\\/#primaryimage\",\"url\":\"https:\\\/\\\/ibig-muenchen.de\\\/wp-content\\\/uploads\\\/2026\\\/03\\\/hero-header-rueckkuehlserver-mobile.jpg\",\"contentUrl\":\"https:\\\/\\\/ibig-muenchen.de\\\/wp-content\\\/uploads\\\/2026\\\/03\\\/hero-header-rueckkuehlserver-mobile.jpg\",\"width\":768,\"height\":960},{\"@type\":\"BreadcrumbList\",\"@id\":\"https:\\\/\\\/ibig-muenchen.de\\\/pl\\\/projekt\\\/rewersyjna-pompa-ciepla-dla-budynku-biurowego-przy-arnulfstrase\\\/#breadcrumb\",\"itemListElement\":[{\"@type\":\"ListItem\",\"position\":1,\"name\":\"Startseite\",\"item\":\"https:\\\/\\\/ibig-muenchen.de\\\/pl\\\/\"},{\"@type\":\"ListItem\",\"position\":2,\"name\":\"Rewersyjna pompa ciep\u0142a dla budynku biurowego przy Arnulfstra\u00dfe\"}]},{\"@type\":\"WebSite\",\"@id\":\"https:\\\/\\\/ibig-muenchen.de\\\/pl\\\/#website\",\"url\":\"https:\\\/\\\/ibig-muenchen.de\\\/pl\\\/\",\"name\":\"IBIG - Ingenieurb\u00fcro Ingo Geib GmbH\",\"description\":\"Eine andere WordPress-Site.\",\"publisher\":{\"@id\":\"https:\\\/\\\/ibig-muenchen.de\\\/pl\\\/#organization\"},\"potentialAction\":[{\"@type\":\"SearchAction\",\"target\":{\"@type\":\"EntryPoint\",\"urlTemplate\":\"https:\\\/\\\/ibig-muenchen.de\\\/pl\\\/?s={search_term_string}\"},\"query-input\":{\"@type\":\"PropertyValueSpecification\",\"valueRequired\":true,\"valueName\":\"search_term_string\"}}],\"inLanguage\":\"pl-PL\"},{\"@type\":\"Organization\",\"@id\":\"https:\\\/\\\/ibig-muenchen.de\\\/pl\\\/#organization\",\"name\":\"IBIG - Ingenieurb\u00fcro Ingo Geib GmbH\",\"url\":\"https:\\\/\\\/ibig-muenchen.de\\\/pl\\\/\",\"logo\":{\"@type\":\"ImageObject\",\"inLanguage\":\"pl-PL\",\"@id\":\"https:\\\/\\\/ibig-muenchen.de\\\/pl\\\/#\\\/schema\\\/logo\\\/image\\\/\",\"url\":\"https:\\\/\\\/ibig-muenchen.de\\\/wp-content\\\/uploads\\\/2023\\\/06\\\/Logo_IBIG_simplified.svg\",\"contentUrl\":\"https:\\\/\\\/ibig-muenchen.de\\\/wp-content\\\/uploads\\\/2023\\\/06\\\/Logo_IBIG_simplified.svg\",\"width\":89,\"height\":40,\"caption\":\"IBIG - Ingenieurb\u00fcro Ingo Geib GmbH\"},\"image\":{\"@id\":\"https:\\\/\\\/ibig-muenchen.de\\\/pl\\\/#\\\/schema\\\/logo\\\/image\\\/\"},\"sameAs\":[\"https:\\\/\\\/www.facebook.com\\\/ingenieurburoingo.geib.3\\\/\",\"https:\\\/\\\/www.xing.com\\\/pages\\\/ingenieurbuero-ingo-geib\",\"https:\\\/\\\/www.linkedin.com\\\/in\\\/ingenieurbro-ingo-geib-gmbh-00244b208\\\/\",\"https:\\\/\\\/www.kununu.com\\\/de\\\/ingenieurbuero-ingo-geib\"]}]}<\/script>\n<!-- \/ Yoast SEO plugin. -->","yoast_head_json":{"title":"Rewersyjna pompa ciep\u0142a dla budynku biurowego przy Arnulfstra\u00dfe - IBIG - Ingenieurb\u00fcro Ingo Geib GmbH","robots":{"index":"index","follow":"follow","max-snippet":"max-snippet:-1","max-image-preview":"max-image-preview:large","max-video-preview":"max-video-preview:-1"},"canonical":"https:\/\/ibig-muenchen.de\/pl\/projekt\/rewersyjna-pompa-ciepla-dla-budynku-biurowego-przy-arnulfstrase\/","og_locale":"pl_PL","og_type":"article","og_title":"Rewersyjna pompa ciep\u0142a dla budynku biurowego przy Arnulfstra\u00dfe - IBIG - Ingenieurb\u00fcro Ingo Geib GmbH","og_description":"Przegl\u0105d projektu Remont, modernizacja i funkcjonalna rozbudowa systemu ch\u0142odzenia Rozpocz\u0119cie projektu Listopad 2024 r. Lokalizacja \/ Lokalizacja Monachium Klient aik Immobilien-Investmentgesellschaft mbH Po\u0142\u0105czenia ch\u0142odnicy Ch\u0142odnica z dost\u0119pem serwisowym Opis Firmie IBIG zlecono zaplanowanie, przeprowadzenie przetargu i zarz\u0105dzanie budow\u0105 w bran\u017cach technicznych. W ramach prac centrum dachowe otrzyma\u0142o ca\u0142kowicie odnowion\u0105 technologi\u0119 systemow\u0105. Centralnym elementem jest ch\u0142odzona [&hellip;]","og_url":"https:\/\/ibig-muenchen.de\/pl\/projekt\/rewersyjna-pompa-ciepla-dla-budynku-biurowego-przy-arnulfstrase\/","og_site_name":"IBIG - Ingenieurb\u00fcro Ingo Geib GmbH","article_publisher":"https:\/\/www.facebook.com\/ingenieurburoingo.geib.3\/","article_modified_time":"2026-04-09T14:17:43+00:00","og_image":[{"width":768,"height":960,"url":"https:\/\/ibig-muenchen.de\/wp-content\/uploads\/2026\/03\/hero-header-rueckkuehlserver-mobile.jpg","type":"image\/jpeg"}],"twitter_card":"summary_large_image","twitter_misc":{"Szacowany czas czytania":"5 minut"},"schema":{"@context":"https:\/\/schema.org","@graph":[{"@type":"WebPage","@id":"https:\/\/ibig-muenchen.de\/pl\/projekt\/rewersyjna-pompa-ciepla-dla-budynku-biurowego-przy-arnulfstrase\/","url":"https:\/\/ibig-muenchen.de\/pl\/projekt\/rewersyjna-pompa-ciepla-dla-budynku-biurowego-przy-arnulfstrase\/","name":"Rewersyjna pompa ciep\u0142a dla budynku biurowego przy Arnulfstra\u00dfe - IBIG - Ingenieurb\u00fcro Ingo Geib GmbH","isPartOf":{"@id":"https:\/\/ibig-muenchen.de\/pl\/#website"},"primaryImageOfPage":{"@id":"https:\/\/ibig-muenchen.de\/pl\/projekt\/rewersyjna-pompa-ciepla-dla-budynku-biurowego-przy-arnulfstrase\/#primaryimage"},"image":{"@id":"https:\/\/ibig-muenchen.de\/pl\/projekt\/rewersyjna-pompa-ciepla-dla-budynku-biurowego-przy-arnulfstrase\/#primaryimage"},"thumbnailUrl":"https:\/\/ibig-muenchen.de\/wp-content\/uploads\/2026\/03\/hero-header-rueckkuehlserver-mobile.jpg","datePublished":"2026-03-08T22:05:50+00:00","dateModified":"2026-04-09T14:17:43+00:00","breadcrumb":{"@id":"https:\/\/ibig-muenchen.de\/pl\/projekt\/rewersyjna-pompa-ciepla-dla-budynku-biurowego-przy-arnulfstrase\/#breadcrumb"},"inLanguage":"pl-PL","potentialAction":[{"@type":"ReadAction","target":["https:\/\/ibig-muenchen.de\/pl\/projekt\/rewersyjna-pompa-ciepla-dla-budynku-biurowego-przy-arnulfstrase\/"]}]},{"@type":"ImageObject","inLanguage":"pl-PL","@id":"https:\/\/ibig-muenchen.de\/pl\/projekt\/rewersyjna-pompa-ciepla-dla-budynku-biurowego-przy-arnulfstrase\/#primaryimage","url":"https:\/\/ibig-muenchen.de\/wp-content\/uploads\/2026\/03\/hero-header-rueckkuehlserver-mobile.jpg","contentUrl":"https:\/\/ibig-muenchen.de\/wp-content\/uploads\/2026\/03\/hero-header-rueckkuehlserver-mobile.jpg","width":768,"height":960},{"@type":"BreadcrumbList","@id":"https:\/\/ibig-muenchen.de\/pl\/projekt\/rewersyjna-pompa-ciepla-dla-budynku-biurowego-przy-arnulfstrase\/#breadcrumb","itemListElement":[{"@type":"ListItem","position":1,"name":"Startseite","item":"https:\/\/ibig-muenchen.de\/pl\/"},{"@type":"ListItem","position":2,"name":"Rewersyjna pompa ciep\u0142a dla budynku biurowego przy Arnulfstra\u00dfe"}]},{"@type":"WebSite","@id":"https:\/\/ibig-muenchen.de\/pl\/#website","url":"https:\/\/ibig-muenchen.de\/pl\/","name":"IBIG - Ingenieurb\u00fcro Ingo Geib GmbH","description":"Eine andere WordPress-Site.","publisher":{"@id":"https:\/\/ibig-muenchen.de\/pl\/#organization"},"potentialAction":[{"@type":"SearchAction","target":{"@type":"EntryPoint","urlTemplate":"https:\/\/ibig-muenchen.de\/pl\/?s={search_term_string}"},"query-input":{"@type":"PropertyValueSpecification","valueRequired":true,"valueName":"search_term_string"}}],"inLanguage":"pl-PL"},{"@type":"Organization","@id":"https:\/\/ibig-muenchen.de\/pl\/#organization","name":"IBIG - Ingenieurb\u00fcro Ingo Geib GmbH","url":"https:\/\/ibig-muenchen.de\/pl\/","logo":{"@type":"ImageObject","inLanguage":"pl-PL","@id":"https:\/\/ibig-muenchen.de\/pl\/#\/schema\/logo\/image\/","url":"https:\/\/ibig-muenchen.de\/wp-content\/uploads\/2023\/06\/Logo_IBIG_simplified.svg","contentUrl":"https:\/\/ibig-muenchen.de\/wp-content\/uploads\/2023\/06\/Logo_IBIG_simplified.svg","width":89,"height":40,"caption":"IBIG - Ingenieurb\u00fcro Ingo Geib GmbH"},"image":{"@id":"https:\/\/ibig-muenchen.de\/pl\/#\/schema\/logo\/image\/"},"sameAs":["https:\/\/www.facebook.com\/ingenieurburoingo.geib.3\/","https:\/\/www.xing.com\/pages\/ingenieurbuero-ingo-geib","https:\/\/www.linkedin.com\/in\/ingenieurbro-ingo-geib-gmbh-00244b208\/","https:\/\/www.kununu.com\/de\/ingenieurbuero-ingo-geib"]}]}},"_links":{"self":[{"href":"https:\/\/ibig-muenchen.de\/pl\/wp-json\/wp\/v2\/projekt\/4970","targetHints":{"allow":["GET"]}}],"collection":[{"href":"https:\/\/ibig-muenchen.de\/pl\/wp-json\/wp\/v2\/projekt"}],"about":[{"href":"https:\/\/ibig-muenchen.de\/pl\/wp-json\/wp\/v2\/types\/projekt"}],"version-history":[{"count":13,"href":"https:\/\/ibig-muenchen.de\/pl\/wp-json\/wp\/v2\/projekt\/4970\/revisions"}],"predecessor-version":[{"id":5356,"href":"https:\/\/ibig-muenchen.de\/pl\/wp-json\/wp\/v2\/projekt\/4970\/revisions\/5356"}],"wp:featuredmedia":[{"embeddable":true,"href":"https:\/\/ibig-muenchen.de\/pl\/wp-json\/wp\/v2\/media\/5028"}],"wp:attachment":[{"href":"https:\/\/ibig-muenchen.de\/pl\/wp-json\/wp\/v2\/media?parent=4970"}],"wp:term":[{"taxonomy":"category","embeddable":true,"href":"https:\/\/ibig-muenchen.de\/pl\/wp-json\/wp\/v2\/categories?post=4970"},{"taxonomy":"post_tag","embeddable":true,"href":"https:\/\/ibig-muenchen.de\/pl\/wp-json\/wp\/v2\/tags?post=4970"}],"curies":[{"name":"wp","href":"https:\/\/api.w.org\/{rel}","templated":true}]}}